{"id":533,"date":"2019-02-05T16:24:28","date_gmt":"2019-02-05T16:24:28","guid":{"rendered":"https:\/\/mtlprojects.es\/proyectos\/retolacio-oficines-synectic-barcelona\/"},"modified":"2022-02-17T16:50:00","modified_gmt":"2022-02-17T16:50:00","slug":"retolacio-oficines-synectic-barcelona","status":"publish","type":"avada_portfolio","link":"https:\/\/mtlprojects.es\/ca\/proyectos\/retolacio-oficines-synectic-barcelona\/","title":{"rendered":"Retolaci\u00f3 oficines Synectic Barcelona"},"content":{"rendered":"<div class=\"fusion-fullwidth fullwidth-box fusion-builder-row-1 fusion-flex-container nonhundred-percent-fullwidth non-hundred-percent-height-scrolling\" style=\"--awb-border-radius-top-left:0px;--awb-border-radius-top-right:0px;--awb-border-radius-bottom-right:0px;--awb-border-radius-bottom-left:0px;--awb-flex-wrap:wrap;\" ><div class=\"fusion-builder-row fusion-row fusion-flex-align-items-flex-start fusion-flex-content-wrap\" style=\"max-width:1248px;margin-left: calc(-4% \/ 2 );margin-right: calc(-4% \/ 2 );\"><div class=\"fusion-layout-column fusion_builder_column fusion-builder-column-0 fusion_builder_column_1_1 1_1 fusion-flex-column\" style=\"--awb-bg-size:cover;--awb-width-large:100%;--awb-margin-top-large:0px;--awb-spacing-right-large:1.92%;--awb-margin-bottom-large:20px;--awb-spacing-left-large:1.92%;--awb-width-medium:100%;--awb-order-medium:0;--awb-spacing-right-medium:1.92%;--awb-spacing-left-medium:1.92%;--awb-width-small:100%;--awb-order-small:0;--awb-spacing-right-small:1.92%;--awb-spacing-left-small:1.92%;\"><div class=\"fusion-column-wrapper fusion-column-has-shadow fusion-flex-justify-content-flex-start fusion-content-layout-column\"><div class=\"fusion-text fusion-text-1\" style=\"--awb-text-transform:none;\"><p>Any: 2018 \u2013 Gesti\u00f3 del projecte: Departament de M\u00e0rqueting de Suez<br \/>\nDisseny i funcionalitat van a una en aquest espai de treball en el qual vam haver d\u2019actuar en un termini de temps realment redu\u00eft; v\u00e0rem retolar les taquilles amb n\u00fameros encunyats i fabricats en vinil polim\u00e8ric laminat en mat i els vidres separadors d\u2019espais amb impressions en vinil transparent polim\u00e8ric al qual v\u00e0rem aplicar una l\u00e0mina de protecci\u00f3 brillant, per protegir la imatge de cops i de possible brut\u00edcia. D\u2019altra banda, vam senyalitzar els diferents espais d\u2019actuaci\u00f3 amb plaques fabricades en alumini anoditzat amb els pictogrames encunyats i els textos en vinil polim\u00e8ric; en aquest cas amb una base oculta de PVC per fixar la placa a la paret de manera que no es vegi cap classe d\u2019ancoratge. Aquest projecte \u00e9s, sens dubte, un exemple de capacitat de resposta, ja que vam fabricar i muntar tots els elements en sol 3 dies.<\/p>\n<\/div><div class=\"awb-gallery-wrapper awb-gallery-wrapper-1 button-span-no\"><div style=\"margin:0px;--awb-bordersize:0px;\" class=\"fusion-gallery fusion-gallery-container fusion-grid-2 fusion-columns-total-7 fusion-gallery-layout-grid fusion-gallery-1\"><div style=\"padding:0px;\" class=\"fusion-grid-column fusion-gallery-column fusion-gallery-column-2 hover-type-zoomin\"><div class=\"fusion-gallery-image\"><a href=\"https:\/\/mtlprojects.es\/wp-content\/uploads\/2022\/01\/synectic1.jpg\" rel=\"noreferrer\" data-rel=\"iLightbox[gallery_image_1]\" class=\"fusion-lightbox\" target=\"_self\"><img decoding=\"async\" src=\"https:\/\/mtlprojects.es\/wp-content\/uploads\/2022\/01\/synectic1.jpg\" width=\"1500\" height=\"850\" alt=\"MTL Projects - Projectes - Retolaci\u00f3 oficines Synectic Barcelona\" title=\"MTL Projects &#8211; Projectes &#8211; Retolaci\u00f3 oficines Synectic Barcelona\" aria-label=\"MTL Projects &#8211; Projectes &#8211; Retolaci\u00f3 oficines Synectic Barcelona\" class=\"img-responsive wp-image-315\" srcset=\"https:\/\/mtlprojects.es\/wp-content\/uploads\/2022\/01\/synectic1-200x113.jpg 200w, https:\/\/mtlprojects.es\/wp-content\/uploads\/2022\/01\/synectic1-400x227.jpg 400w, https:\/\/mtlprojects.es\/wp-content\/uploads\/2022\/01\/synectic1-600x340.jpg 600w, https:\/\/mtlprojects.es\/wp-content\/uploads\/2022\/01\/synectic1-800x453.jpg 800w, https:\/\/mtlprojects.es\/wp-content\/uploads\/2022\/01\/synectic1-1200x680.jpg 1200w, https:\/\/mtlprojects.es\/wp-content\/uploads\/2022\/01\/synectic1.jpg 1500w\" sizes=\"(min-width: 2200px) 100vw, (min-width: 712px) 600px, (min-width: 640px) 712px, \" \/><\/a><\/div><\/div><div style=\"padding:0px;\" class=\"fusion-grid-column fusion-gallery-column fusion-gallery-column-2 hover-type-zoomin\"><div class=\"fusion-gallery-image\"><a href=\"https:\/\/mtlprojects.es\/wp-content\/uploads\/2022\/01\/synectic2.jpg\" rel=\"noreferrer\" data-rel=\"iLightbox[gallery_image_1]\" class=\"fusion-lightbox\" target=\"_self\"><img decoding=\"async\" src=\"https:\/\/mtlprojects.es\/wp-content\/uploads\/2022\/01\/synectic2.jpg\" width=\"1500\" height=\"850\" alt=\"MTL Projects - Projectes - Retolaci\u00f3 oficines Synectic Barcelona\" title=\"MTL Projects &#8211; Projectes &#8211; Retolaci\u00f3 oficines Synectic Barcelona\" aria-label=\"MTL Projects &#8211; Projectes &#8211; Retolaci\u00f3 oficines Synectic Barcelona\" class=\"img-responsive wp-image-316\" srcset=\"https:\/\/mtlprojects.es\/wp-content\/uploads\/2022\/01\/synectic2-200x113.jpg 200w, https:\/\/mtlprojects.es\/wp-content\/uploads\/2022\/01\/synectic2-400x227.jpg 400w, https:\/\/mtlprojects.es\/wp-content\/uploads\/2022\/01\/synectic2-600x340.jpg 600w, https:\/\/mtlprojects.es\/wp-content\/uploads\/2022\/01\/synectic2-800x453.jpg 800w, https:\/\/mtlprojects.es\/wp-content\/uploads\/2022\/01\/synectic2-1200x680.jpg 1200w, https:\/\/mtlprojects.es\/wp-content\/uploads\/2022\/01\/synectic2.jpg 1500w\" sizes=\"(min-width: 2200px) 100vw, (min-width: 712px) 600px, (min-width: 640px) 712px, \" \/><\/a><\/div><\/div><div class=\"clearfix\"><\/div><div style=\"padding:0px;\" class=\"fusion-grid-column fusion-gallery-column fusion-gallery-column-2 hover-type-zoomin\"><div class=\"fusion-gallery-image\"><a href=\"https:\/\/mtlprojects.es\/wp-content\/uploads\/2022\/01\/synectic3.jpg\" rel=\"noreferrer\" data-rel=\"iLightbox[gallery_image_1]\" class=\"fusion-lightbox\" target=\"_self\"><img decoding=\"async\" src=\"https:\/\/mtlprojects.es\/wp-content\/uploads\/2022\/01\/synectic3.jpg\" width=\"1500\" height=\"850\" alt=\"MTL Projects - Projectes - Retolaci\u00f3 oficines Synectic Barcelona\" title=\"MTL Projects &#8211; Projectes &#8211; Retolaci\u00f3 oficines Synectic Barcelona\" aria-label=\"MTL Projects &#8211; Projectes &#8211; Retolaci\u00f3 oficines Synectic Barcelona\" class=\"img-responsive wp-image-317\" srcset=\"https:\/\/mtlprojects.es\/wp-content\/uploads\/2022\/01\/synectic3-200x113.jpg 200w, https:\/\/mtlprojects.es\/wp-content\/uploads\/2022\/01\/synectic3-400x227.jpg 400w, https:\/\/mtlprojects.es\/wp-content\/uploads\/2022\/01\/synectic3-600x340.jpg 600w, https:\/\/mtlprojects.es\/wp-content\/uploads\/2022\/01\/synectic3-800x453.jpg 800w, https:\/\/mtlprojects.es\/wp-content\/uploads\/2022\/01\/synectic3-1200x680.jpg 1200w, https:\/\/mtlprojects.es\/wp-content\/uploads\/2022\/01\/synectic3.jpg 1500w\" sizes=\"(min-width: 2200px) 100vw, (min-width: 712px) 600px, (min-width: 640px) 712px, \" \/><\/a><\/div><\/div><div style=\"padding:0px;\" class=\"fusion-grid-column fusion-gallery-column fusion-gallery-column-2 hover-type-zoomin\"><div class=\"fusion-gallery-image\"><a href=\"https:\/\/mtlprojects.es\/wp-content\/uploads\/2022\/01\/synectic4.jpg\" rel=\"noreferrer\" data-rel=\"iLightbox[gallery_image_1]\" class=\"fusion-lightbox\" target=\"_self\"><img decoding=\"async\" src=\"https:\/\/mtlprojects.es\/wp-content\/uploads\/2022\/01\/synectic4.jpg\" width=\"1500\" height=\"850\" alt=\"MTL Projects - Projectes - Retolaci\u00f3 oficines Synectic Barcelona\" title=\"MTL Projects &#8211; Projectes &#8211; Retolaci\u00f3 oficines Synectic Barcelona\" aria-label=\"MTL Projects &#8211; Projectes &#8211; Retolaci\u00f3 oficines Synectic Barcelona\" class=\"img-responsive wp-image-318\" srcset=\"https:\/\/mtlprojects.es\/wp-content\/uploads\/2022\/01\/synectic4-200x113.jpg 200w, https:\/\/mtlprojects.es\/wp-content\/uploads\/2022\/01\/synectic4-400x227.jpg 400w, https:\/\/mtlprojects.es\/wp-content\/uploads\/2022\/01\/synectic4-600x340.jpg 600w, https:\/\/mtlprojects.es\/wp-content\/uploads\/2022\/01\/synectic4-800x453.jpg 800w, https:\/\/mtlprojects.es\/wp-content\/uploads\/2022\/01\/synectic4-1200x680.jpg 1200w, https:\/\/mtlprojects.es\/wp-content\/uploads\/2022\/01\/synectic4.jpg 1500w\" sizes=\"(min-width: 2200px) 100vw, (min-width: 712px) 600px, (min-width: 640px) 712px, \" \/><\/a><\/div><\/div><div class=\"clearfix\"><\/div><div style=\"padding:0px;\" class=\"fusion-grid-column fusion-gallery-column fusion-gallery-column-2 hover-type-zoomin\"><div class=\"fusion-gallery-image\"><a href=\"https:\/\/mtlprojects.es\/wp-content\/uploads\/2022\/01\/synectic5.jpg\" rel=\"noreferrer\" data-rel=\"iLightbox[gallery_image_1]\" class=\"fusion-lightbox\" target=\"_self\"><img decoding=\"async\" src=\"https:\/\/mtlprojects.es\/wp-content\/uploads\/2022\/01\/synectic5.jpg\" width=\"1500\" height=\"850\" alt=\"MTL Projects - Projectes - Retolaci\u00f3 oficines Synectic Barcelona\" title=\"MTL Projects &#8211; Projectes &#8211; Retolaci\u00f3 oficines Synectic Barcelona\" aria-label=\"MTL Projects &#8211; Projectes &#8211; Retolaci\u00f3 oficines Synectic Barcelona\" class=\"img-responsive wp-image-319\" srcset=\"https:\/\/mtlprojects.es\/wp-content\/uploads\/2022\/01\/synectic5-200x113.jpg 200w, https:\/\/mtlprojects.es\/wp-content\/uploads\/2022\/01\/synectic5-400x227.jpg 400w, https:\/\/mtlprojects.es\/wp-content\/uploads\/2022\/01\/synectic5-600x340.jpg 600w, https:\/\/mtlprojects.es\/wp-content\/uploads\/2022\/01\/synectic5-800x453.jpg 800w, https:\/\/mtlprojects.es\/wp-content\/uploads\/2022\/01\/synectic5-1200x680.jpg 1200w, https:\/\/mtlprojects.es\/wp-content\/uploads\/2022\/01\/synectic5.jpg 1500w\" sizes=\"(min-width: 2200px) 100vw, (min-width: 712px) 600px, (min-width: 640px) 712px, \" \/><\/a><\/div><\/div><div style=\"padding:0px;\" class=\"fusion-grid-column fusion-gallery-column fusion-gallery-column-2 hover-type-zoomin\"><div class=\"fusion-gallery-image\"><a href=\"https:\/\/mtlprojects.es\/wp-content\/uploads\/2022\/01\/synectic6.jpg\" rel=\"noreferrer\" data-rel=\"iLightbox[gallery_image_1]\" class=\"fusion-lightbox\" target=\"_self\"><img decoding=\"async\" src=\"https:\/\/mtlprojects.es\/wp-content\/uploads\/2022\/01\/synectic6.jpg\" width=\"1500\" height=\"850\" alt=\"MTL Projects - Projectes - Retolaci\u00f3 oficines Synectic Barcelona\" title=\"MTL Projects &#8211; Projectes &#8211; Retolaci\u00f3 oficines Synectic Barcelona\" aria-label=\"MTL Projects &#8211; Projectes &#8211; Retolaci\u00f3 oficines Synectic Barcelona\" class=\"img-responsive wp-image-313\" srcset=\"https:\/\/mtlprojects.es\/wp-content\/uploads\/2022\/01\/synectic6-200x113.jpg 200w, https:\/\/mtlprojects.es\/wp-content\/uploads\/2022\/01\/synectic6-400x227.jpg 400w, https:\/\/mtlprojects.es\/wp-content\/uploads\/2022\/01\/synectic6-600x340.jpg 600w, https:\/\/mtlprojects.es\/wp-content\/uploads\/2022\/01\/synectic6-800x453.jpg 800w, https:\/\/mtlprojects.es\/wp-content\/uploads\/2022\/01\/synectic6-1200x680.jpg 1200w, https:\/\/mtlprojects.es\/wp-content\/uploads\/2022\/01\/synectic6.jpg 1500w\" sizes=\"(min-width: 2200px) 100vw, (min-width: 712px) 600px, (min-width: 640px) 712px, \" \/><\/a><\/div><\/div><div class=\"clearfix\"><\/div><div style=\"padding:0px;\" class=\"fusion-grid-column fusion-gallery-column fusion-gallery-column-2 hover-type-zoomin\"><div class=\"fusion-gallery-image\"><a href=\"https:\/\/mtlprojects.es\/wp-content\/uploads\/2022\/01\/synectic7.jpg\" rel=\"noreferrer\" data-rel=\"iLightbox[gallery_image_1]\" class=\"fusion-lightbox\" target=\"_self\"><img decoding=\"async\" src=\"https:\/\/mtlprojects.es\/wp-content\/uploads\/2022\/01\/synectic7.jpg\" width=\"1500\" height=\"850\" alt=\"MTL Projects - Projectes - Retolaci\u00f3 oficines Synectic Barcelona\" title=\"MTL Projects &#8211; Projectes &#8211; Retolaci\u00f3 oficines Synectic Barcelona\" aria-label=\"MTL Projects &#8211; Projectes &#8211; Retolaci\u00f3 oficines Synectic Barcelona\" class=\"img-responsive wp-image-314\" srcset=\"https:\/\/mtlprojects.es\/wp-content\/uploads\/2022\/01\/synectic7-200x113.jpg 200w, https:\/\/mtlprojects.es\/wp-content\/uploads\/2022\/01\/synectic7-400x227.jpg 400w, https:\/\/mtlprojects.es\/wp-content\/uploads\/2022\/01\/synectic7-600x340.jpg 600w, https:\/\/mtlprojects.es\/wp-content\/uploads\/2022\/01\/synectic7-800x453.jpg 800w, https:\/\/mtlprojects.es\/wp-content\/uploads\/2022\/01\/synectic7-1200x680.jpg 1200w, https:\/\/mtlprojects.es\/wp-content\/uploads\/2022\/01\/synectic7.jpg 1500w\" sizes=\"(min-width: 2200px) 100vw, (min-width: 712px) 600px, (min-width: 640px) 712px, \" \/><\/a><\/div><\/div><\/div><\/div><\/div><\/div><\/div><\/div>\n","protected":false},"excerpt":{"rendered":"","protected":false},"author":1,"featured_media":452,"menu_order":0,"comment_status":"closed","ping_status":"closed","template":"","format":"standard","meta":{"footnotes":""},"portfolio_category":[21],"portfolio_skills":[],"portfolio_tags":[25],"class_list":["post-533","avada_portfolio","type-avada_portfolio","status-publish","format-standard","has-post-thumbnail","hentry","portfolio_category-imatge-corporativa","portfolio_tags-portada"],"aioseo_notices":[],"_links":{"self":[{"href":"https:\/\/mtlprojects.es\/ca\/wp-json\/wp\/v2\/avada_portfolio\/533","targetHints":{"allow":["GET"]}}],"collection":[{"href":"https:\/\/mtlprojects.es\/ca\/wp-json\/wp\/v2\/avada_portfolio"}],"about":[{"href":"https:\/\/mtlprojects.es\/ca\/wp-json\/wp\/v2\/types\/avada_portfolio"}],"author":[{"embeddable":true,"href":"https:\/\/mtlprojects.es\/ca\/wp-json\/wp\/v2\/users\/1"}],"replies":[{"embeddable":true,"href":"https:\/\/mtlprojects.es\/ca\/wp-json\/wp\/v2\/comments?post=533"}],"version-history":[{"count":0,"href":"https:\/\/mtlprojects.es\/ca\/wp-json\/wp\/v2\/avada_portfolio\/533\/revisions"}],"wp:featuredmedia":[{"embeddable":true,"href":"https:\/\/mtlprojects.es\/ca\/wp-json\/wp\/v2\/media\/452"}],"wp:attachment":[{"href":"https:\/\/mtlprojects.es\/ca\/wp-json\/wp\/v2\/media?parent=533"}],"wp:term":[{"taxonomy":"portfolio_category","embeddable":true,"href":"https:\/\/mtlprojects.es\/ca\/wp-json\/wp\/v2\/portfolio_category?post=533"},{"taxonomy":"portfolio_skills","embeddable":true,"href":"https:\/\/mtlprojects.es\/ca\/wp-json\/wp\/v2\/portfolio_skills?post=533"},{"taxonomy":"portfolio_tags","embeddable":true,"href":"https:\/\/mtlprojects.es\/ca\/wp-json\/wp\/v2\/portfolio_tags?post=533"}],"curies":[{"name":"wp","href":"https:\/\/api.w.org\/{rel}","templated":true}]}}